{"id":170,"date":"2020-06-16T11:39:15","date_gmt":"2020-06-16T11:39:15","guid":{"rendered":"https:\/\/sial.courses\/?page_id=170"},"modified":"2026-04-27T15:16:07","modified_gmt":"2026-04-27T15:16:07","slug":"extracurricular","status":"publish","type":"page","link":"https:\/\/sial.courses\/it\/i-nostri-corsi\/extra-curriculari\/","title":{"rendered":"Extra-curriculari"},"content":{"rendered":"<div data-elementor-type=\"wp-page\" data-elementor-id=\"170\" class=\"elementor elementor-170\">\n\t\t\t\t\t\t<section class=\"elementor-section elementor-top-section elementor-element elementor-element-c56aeba elementor-section-boxed elementor-section-height-default elementor-section-height-default\" data-id=\"c56aeba\" data-element_type=\"section\">\n\t\t\t\t\t\t<div class=\"elementor-container elementor-column-gap-default\">\n\t\t\t\t\t<div class=\"elementor-column elementor-col-66 elementor-top-column elementor-element elementor-element-e251232\" data-id=\"e251232\" data-element_type=\"column\">\n\t\t\t<div class=\"elementor-widget-wrap elementor-element-populated\">\n\t\t\t\t\t\t<div class=\"elementor-element elementor-element-2d2b618 elementor-widget elementor-widget-text-editor\" data-id=\"2d2b618\" data-element_type=\"widget\" data-widget_type=\"text-editor.default\">\n\t\t\t\t<div class=\"elementor-widget-container\">\n\t\t\t\t\t\t\t\t\t<p>A partire dal settembre 2018 offriamo corsi di lingua e cultura italiana organizzati con il supporto del <strong>Ministero Degli Affari Esteri e della Cooperazione Internazionale<\/strong> e in collaborazione con il <strong>Consolato Generale d\u2019Italia a Londra<\/strong>.<\/p><p class=\" translation-block\">I nostri corsi di italiano extra-curriculari sono rivolti a <b>tutti i bambini e i ragazzi che frequentano le scuole primarie e secondarie<\/b> nella circoscrizione consolare di Londra, Sud Inghilterra e Galles.<\/p>\t\t\t\t\t\t\t\t<\/div>\n\t\t\t\t<\/div>\n\t\t\t\t\t<\/div>\n\t\t<\/div>\n\t\t\t\t<div class=\"elementor-column elementor-col-33 elementor-top-column elementor-element elementor-element-0d4b365\" data-id=\"0d4b365\" data-element_type=\"column\">\n\t\t\t<div class=\"elementor-widget-wrap elementor-element-populated\">\n\t\t\t\t\t\t<div class=\"elementor-element elementor-element-9279e42 elementor-widget elementor-widget-image\" data-id=\"9279e42\" data-element_type=\"widget\" data-widget_type=\"image.default\">\n\t\t\t\t<div class=\"elementor-widget-container\">\n\t\t\t\t\t\t\t\t\t\t\t\t\t\t\t\t<a href=\"https:\/\/www.esteri.it\/it\/diplomazia-culturale-e-diplomazia-scientifica\/cultura\/sistema-della-formazione-italiana-nel-mondo\/\">\n\t\t\t\t\t\t\t<img decoding=\"async\" width=\"260\" height=\"76\" src=\"https:\/\/sial.courses\/wp-content\/uploads\/2024\/09\/logos-maeci-sfim-260x76.png\" class=\"attachment-post-thumbnail size-post-thumbnail wp-image-8127\" alt=\"Sistema Formazione Italiana nel Mondo\" srcset=\"https:\/\/sial.courses\/wp-content\/uploads\/2024\/09\/logos-maeci-sfim-260x76.png 260w, https:\/\/sial.courses\/wp-content\/uploads\/2024\/09\/logos-maeci-sfim-300x88.png 300w, https:\/\/sial.courses\/wp-content\/uploads\/2024\/09\/logos-maeci-sfim-1024x299.png 1024w, https:\/\/sial.courses\/wp-content\/uploads\/2024\/09\/logos-maeci-sfim-768x224.png 768w, https:\/\/sial.courses\/wp-content\/uploads\/2024\/09\/logos-maeci-sfim-50x15.png 50w, https:\/\/sial.courses\/wp-content\/uploads\/2024\/09\/logos-maeci-sfim-150x44.png 150w, https:\/\/sial.courses\/wp-content\/uploads\/2024\/09\/logos-maeci-sfim.png 1174w\" sizes=\"(max-width: 260px) 100vw, 260px\" \/>\t\t\t\t\t\t\t\t<\/a>\n\t\t\t\t\t\t\t\t\t\t\t\t\t\t\t<\/div>\n\t\t\t\t<\/div>\n\t\t\t\t\t<\/div>\n\t\t<\/div>\n\t\t\t\t\t<\/div>\n\t\t<\/section>\n\t\t\t\t<section class=\"elementor-section elementor-top-section elementor-element elementor-element-d6052e7 elementor-section-boxed elementor-section-height-default elementor-section-height-default\" data-id=\"d6052e7\" data-element_type=\"section\">\n\t\t\t\t\t\t<div class=\"elementor-container elementor-column-gap-default\">\n\t\t\t\t\t<div class=\"elementor-column elementor-col-100 elementor-top-column elementor-element elementor-element-3b04f11\" data-id=\"3b04f11\" data-element_type=\"column\" data-settings=\"{&quot;background_background&quot;:&quot;classic&quot;}\">\n\t\t\t<div class=\"elementor-widget-wrap elementor-element-populated\">\n\t\t\t\t\t\t<div class=\"elementor-element elementor-element-0d6001c elementor-widget elementor-widget-text-editor\" data-id=\"0d6001c\" data-element_type=\"widget\" data-widget_type=\"text-editor.default\">\n\t\t\t\t<div class=\"elementor-widget-container\">\n\t\t\t\t\t\t\t\t\t<h5><strong>ISCRIZIONI ANNO SCOLASTICO 2026\/2027<\/strong><\/h5>\n<p><em>Le iscrizioni per l'anno scolastico 2026\/2027 sono aperte.<\/em><\/p>\n<p>Vi invitiamo a iscrivere tempestivamente i vostri figli per permetterci di riattivare tutti i corsi e di organizzare al meglio i gruppi.&nbsp;<\/p>\t\t\t\t\t\t\t\t<\/div>\n\t\t\t\t<\/div>\n\t\t\t\t\t<\/div>\n\t\t<\/div>\n\t\t\t\t\t<\/div>\n\t\t<\/section>\n\t\t\t\t<section class=\"elementor-section elementor-top-section elementor-element elementor-element-a5566a7 elementor-section-boxed elementor-section-height-default elementor-section-height-default\" data-id=\"a5566a7\" data-element_type=\"section\">\n\t\t\t\t\t\t<div class=\"elementor-container elementor-column-gap-default\">\n\t\t\t\t\t<div class=\"elementor-column elementor-col-100 elementor-top-column elementor-element elementor-element-bedb29e\" data-id=\"bedb29e\" data-element_type=\"column\">\n\t\t\t<div class=\"elementor-widget-wrap elementor-element-populated\">\n\t\t\t\t\t\t<div class=\"elementor-element elementor-element-036e40f elementor-widget elementor-widget-spacer\" data-id=\"036e40f\" data-element_type=\"widget\" data-widget_type=\"spacer.default\">\n\t\t\t\t<div class=\"elementor-widget-container\">\n\t\t\t\t\t\t\t<div class=\"elementor-spacer\">\n\t\t\t<div class=\"elementor-spacer-inner\"><\/div>\n\t\t<\/div>\n\t\t\t\t\t\t<\/div>\n\t\t\t\t<\/div>\n\t\t\t\t<div class=\"elementor-element elementor-element-4d4131c elementor-widget elementor-widget-heading\" data-id=\"4d4131c\" data-element_type=\"widget\" data-widget_type=\"heading.default\">\n\t\t\t\t<div class=\"elementor-widget-container\">\n\t\t\t\t\t<h2 class=\"elementor-heading-title elementor-size-default\">Tipologie di corso offerte<\/h2>\t\t\t\t<\/div>\n\t\t\t\t<\/div>\n\t\t\t\t<div class=\"elementor-element elementor-element-5f0d2df elementor-widget elementor-widget-accordion\" data-id=\"5f0d2df\" data-element_type=\"widget\" data-widget_type=\"accordion.default\">\n\t\t\t\t<div class=\"elementor-widget-container\">\n\t\t\t\t\t\t\t<div class=\"elementor-accordion\">\n\t\t\t\t\t\t\t<div class=\"elementor-accordion-item\">\n\t\t\t\t\t<div id=\"elementor-tab-title-9961\" class=\"elementor-tab-title\" data-tab=\"1\" role=\"button\" aria-controls=\"elementor-tab-content-9961\" aria-expanded=\"false\">\n\t\t\t\t\t\t\t\t\t\t\t\t\t<span class=\"elementor-accordion-icon elementor-accordion-icon-left\" aria-hidden=\"true\">\n\t\t\t\t\t\t\t\t\t\t\t\t\t\t\t<span class=\"elementor-accordion-icon-closed\"><i class=\"fas fa-plus\"><\/i><\/span>\n\t\t\t\t\t\t\t\t<span class=\"elementor-accordion-icon-opened\"><i class=\"fas fa-minus\"><\/i><\/span>\n\t\t\t\t\t\t\t\t\t\t\t\t\t\t<\/span>\n\t\t\t\t\t\t\t\t\t\t\t\t<a class=\"elementor-accordion-title\" tabindex=\"0\">Primary (Y1-Y2-Y3-Y4-Y5-Y6)<\/a>\n\t\t\t\t\t<\/div>\n\t\t\t\t\t<div id=\"elementor-tab-content-9961\" class=\"elementor-tab-content elementor-clearfix\" data-tab=\"1\" role=\"region\" aria-labelledby=\"elementor-tab-title-9961\"><p><span style=\"font-weight: 400;\">Indirizzati agli alunni che frequentano le classi di scuola primaria (Y1-Y6), questi corsi hanno l\u2019obiettivo di avvicinare i bambini alla lingua e alla cultura italiana. <\/span><span style=\"font-weight: 400;\"><br \/><\/span><span style=\"font-weight: 400;\">Attraverso attivit\u00e0 divertenti e creative, gli alunni potranno esercitare le abilit\u00e0 di lettura, scrittura, ascolto e parlato, in un ambiente stimolante, guidati da insegnanti qualificati.<\/span><\/p><\/div>\n\t\t\t\t<\/div>\n\t\t\t\t\t\t\t<div class=\"elementor-accordion-item\">\n\t\t\t\t\t<div id=\"elementor-tab-title-9962\" class=\"elementor-tab-title\" data-tab=\"2\" role=\"button\" aria-controls=\"elementor-tab-content-9962\" aria-expanded=\"false\">\n\t\t\t\t\t\t\t\t\t\t\t\t\t<span class=\"elementor-accordion-icon elementor-accordion-icon-left\" aria-hidden=\"true\">\n\t\t\t\t\t\t\t\t\t\t\t\t\t\t\t<span class=\"elementor-accordion-icon-closed\"><i class=\"fas fa-plus\"><\/i><\/span>\n\t\t\t\t\t\t\t\t<span class=\"elementor-accordion-icon-opened\"><i class=\"fas fa-minus\"><\/i><\/span>\n\t\t\t\t\t\t\t\t\t\t\t\t\t\t<\/span>\n\t\t\t\t\t\t\t\t\t\t\t\t<a class=\"elementor-accordion-title\" tabindex=\"0\">Secondary Medio<\/a>\n\t\t\t\t\t<\/div>\n\t\t\t\t\t<div id=\"elementor-tab-content-9962\" class=\"elementor-tab-content elementor-clearfix\" data-tab=\"2\" role=\"region\" aria-labelledby=\"elementor-tab-title-9962\"><p><span style=\"font-weight: 400;\">Pensati per alunni Y7, Y8 ed Y9, questi corsi non hanno lo scopo di preparare gli studenti ad un esame specifico.<\/span><span style=\"font-weight: 400;\"><br \/><\/span><span style=\"font-weight: 400;\">Attraverso una didattica adatta ai bisogni ed agli interessi dei preadolescenti, il programma fornisce gli strumenti di base per lo studio della lingua agli alunni meno fluenti, mentre consente di ampliare le conoscenze linguistiche e culturali degli studenti che hanno gi\u00e0 raggiunto un livello pi\u00f9 avanzato.<\/span><\/p><\/div>\n\t\t\t\t<\/div>\n\t\t\t\t\t\t\t<div class=\"elementor-accordion-item\">\n\t\t\t\t\t<div id=\"elementor-tab-title-9963\" class=\"elementor-tab-title\" data-tab=\"3\" role=\"button\" aria-controls=\"elementor-tab-content-9963\" aria-expanded=\"false\">\n\t\t\t\t\t\t\t\t\t\t\t\t\t<span class=\"elementor-accordion-icon elementor-accordion-icon-left\" aria-hidden=\"true\">\n\t\t\t\t\t\t\t\t\t\t\t\t\t\t\t<span class=\"elementor-accordion-icon-closed\"><i class=\"fas fa-plus\"><\/i><\/span>\n\t\t\t\t\t\t\t\t<span class=\"elementor-accordion-icon-opened\"><i class=\"fas fa-minus\"><\/i><\/span>\n\t\t\t\t\t\t\t\t\t\t\t\t\t\t<\/span>\n\t\t\t\t\t\t\t\t\t\t\t\t<a class=\"elementor-accordion-title\" tabindex=\"0\">GCSE exam preparation<\/a>\n\t\t\t\t\t<\/div>\n\t\t\t\t\t<div id=\"elementor-tab-content-9963\" class=\"elementor-tab-content elementor-clearfix\" data-tab=\"3\" role=\"region\" aria-labelledby=\"elementor-tab-title-9963\"><p><span style=\"font-weight: 400;\">Idealmente offerti ad adolescenti degli Y10 ed Y11, ma aperti anche agli Y9, hanno lo scopo di preparare gli studenti a sostenere l'esame attraverso un programma di studio basato sulle tematiche richieste dai sillabi AQA, EDEXCEL o CAMBRIDGE IGCSE. Offrono agli alunni la possibilit\u00e0 di sviluppare in maniera efficace le proprie abilit\u00e0 linguistiche in modo da ottenere una solida base dalla quale partire per lo studio A LEVEL.<br \/><br \/><em>Vi ricordiamo che non siamo un centro d'esame, quindi vi invitiamo a verificare con la scuola dei vostri figli che sia offerta la possibilit\u00e0 di sostenere gli esami GCSE e controllare di conseguenza date e scadenze per poter prenotare per tempo.<\/em><br \/><\/span><\/p><\/div>\n\t\t\t\t<\/div>\n\t\t\t\t\t\t\t<div class=\"elementor-accordion-item\">\n\t\t\t\t\t<div id=\"elementor-tab-title-9964\" class=\"elementor-tab-title\" data-tab=\"4\" role=\"button\" aria-controls=\"elementor-tab-content-9964\" aria-expanded=\"false\">\n\t\t\t\t\t\t\t\t\t\t\t\t\t<span class=\"elementor-accordion-icon elementor-accordion-icon-left\" aria-hidden=\"true\">\n\t\t\t\t\t\t\t\t\t\t\t\t\t\t\t<span class=\"elementor-accordion-icon-closed\"><i class=\"fas fa-plus\"><\/i><\/span>\n\t\t\t\t\t\t\t\t<span class=\"elementor-accordion-icon-opened\"><i class=\"fas fa-minus\"><\/i><\/span>\n\t\t\t\t\t\t\t\t\t\t\t\t\t\t<\/span>\n\t\t\t\t\t\t\t\t\t\t\t\t<a class=\"elementor-accordion-title\" tabindex=\"0\">A-Level exam preparation<\/a>\n\t\t\t\t\t<\/div>\n\t\t\t\t\t<div id=\"elementor-tab-content-9964\" class=\"elementor-tab-content elementor-clearfix\" data-tab=\"4\" role=\"region\" aria-labelledby=\"elementor-tab-title-9964\"><p class=\" translation-block\">Destinati agli studenti in Y12 e Y13, ma aperti anche agli studenti in Y11, questi corsi offrono un\u2019esperienza di apprendimento piacevole della lingua e della cultura italiana attraverso lo studio della letteratura, del cinema e della storia dell\u2019Italia e di altre regioni italofone. Il programma segue le specifiche EDEXCEL e prepara gli studenti all\u2019istruzione superiore o al mondo del lavoro.<\/p><p><em><strong>Si prega di notare che SIAL Courses non \u00e8 un centro d\u2019esame; pertanto, l\u2019organizzazione degli esami e gli eventuali costi aggiuntivi sono a carico di ciascun candidato.<\/strong><br \/><br \/>Raccomandiamo vivamente che la preparazione per l\u2019A-Level si svolga nell\u2019arco di due anni scolastici, per consentire un\u2019adeguata assimilazione dei contenuti. Sebbene l\u2019insegnante possa accogliere studenti a diversi livelli di preparazione, \u00e8 importante considerare che completare l\u2019intero programma richiede tempo e impegno costante.<br \/><br \/><\/em><\/p><\/div>\n\t\t\t\t<\/div>\n\t\t\t\t\t\t\t\t<\/div>\n\t\t\t\t\t\t<\/div>\n\t\t\t\t<\/div>\n\t\t\t\t\t<\/div>\n\t\t<\/div>\n\t\t\t\t\t<\/div>\n\t\t<\/section>\n\t\t\t\t<section class=\"elementor-section elementor-top-section elementor-element elementor-element-d8407ac elementor-section-boxed elementor-section-height-default elementor-section-height-default\" data-id=\"d8407ac\" data-element_type=\"section\">\n\t\t\t\t\t\t<div class=\"elementor-container elementor-column-gap-default\">\n\t\t\t\t\t<div class=\"elementor-column elementor-col-100 elementor-top-column elementor-element elementor-element-7900f3b\" data-id=\"7900f3b\" data-element_type=\"column\">\n\t\t\t<div class=\"elementor-widget-wrap elementor-element-populated\">\n\t\t\t\t\t\t<div class=\"elementor-element elementor-element-996ba47 elementor-widget elementor-widget-heading\" data-id=\"996ba47\" data-element_type=\"widget\" data-widget_type=\"heading.default\">\n\t\t\t\t<div class=\"elementor-widget-container\">\n\t\t\t\t\t<h2 class=\"elementor-heading-title elementor-size-default\">Sedi e durata del corso<\/h2>\t\t\t\t<\/div>\n\t\t\t\t<\/div>\n\t\t\t\t\t<\/div>\n\t\t<\/div>\n\t\t\t\t\t<\/div>\n\t\t<\/section>\n\t\t\t\t<section class=\"elementor-section elementor-top-section elementor-element elementor-element-2fde999 elementor-section-boxed elementor-section-height-default elementor-section-height-default\" data-id=\"2fde999\" data-element_type=\"section\">\n\t\t\t\t\t\t<div class=\"elementor-container elementor-column-gap-default\">\n\t\t\t\t\t<div class=\"elementor-column elementor-col-100 elementor-top-column elementor-element elementor-element-449259e\" data-id=\"449259e\" data-element_type=\"column\">\n\t\t\t<div class=\"elementor-widget-wrap elementor-element-populated\">\n\t\t\t\t\t\t<div class=\"elementor-element elementor-element-16d48cf elementor-widget elementor-widget-text-editor\" data-id=\"16d48cf\" data-element_type=\"widget\" data-widget_type=\"text-editor.default\">\n\t\t\t\t<div class=\"elementor-widget-container\">\n\t\t\t\t\t\t\t\t\t<p>L'anno scolastico inizia ogni settembre e termina a giugno dell'anno successivo per un totale di 33 settimane di lezioni. Consigliamo caldamente che tutti gli studenti frequentino il corso fin dalla prima lezione; restiamo ugualmente a disposizione per valutare esigenze particolari e suggerire la soluzione pi\u00f9 idonea.<\/p><p>I corsi extra-curriculari di lingua e cultura italiana si svolgono <b>in oltre 40 sedi a Londra e nel Sud dell'Inghilterra<\/b> e sono ospitati principalmente nelle scuole locali, al di fuori dell'orario scolastico.\n<br>Offriamo <b>anche corsi interamente online<\/b>, se questa opzione risponde meglio alle esigenze della vostra famiglia.<\/p><p><b>Avrete modo di selezionare la sede e\/o il formato che preferitedurante il processo di iscrizione.<\/b><\/p><p>Per i corsi offerti in presenza, nel caso in cui non fosse possibile erogare le lezioni di persona, si passer\u00e0 automaticamente al formato online.<\/p>\t\t\t\t\t\t\t\t<\/div>\n\t\t\t\t<\/div>\n\t\t\t\t\t<\/div>\n\t\t<\/div>\n\t\t\t\t\t<\/div>\n\t\t<\/section>\n\t\t\t\t<section class=\"elementor-section elementor-top-section elementor-element elementor-element-a8f636f elementor-section-boxed elementor-section-height-default elementor-section-height-default\" data-id=\"a8f636f\" data-element_type=\"section\">\n\t\t\t\t\t\t<div class=\"elementor-container elementor-column-gap-default\">\n\t\t\t\t\t<div class=\"elementor-column elementor-col-100 elementor-top-column elementor-element elementor-element-d9f7024\" data-id=\"d9f7024\" data-element_type=\"column\">\n\t\t\t<div class=\"elementor-widget-wrap elementor-element-populated\">\n\t\t\t\t\t\t<div class=\"elementor-element elementor-element-261a5ea elementor-widget elementor-widget-heading\" data-id=\"261a5ea\" data-element_type=\"widget\" data-widget_type=\"heading.default\">\n\t\t\t\t<div class=\"elementor-widget-container\">\n\t\t\t\t\t<h2 class=\"elementor-heading-title elementor-size-default\">Quota annuale<\/h2>\t\t\t\t<\/div>\n\t\t\t\t<\/div>\n\t\t\t\t\t<\/div>\n\t\t<\/div>\n\t\t\t\t\t<\/div>\n\t\t<\/section>\n\t\t\t\t<section class=\"elementor-section elementor-top-section elementor-element elementor-element-31b43ec elementor-section-boxed elementor-section-height-default elementor-section-height-default\" data-id=\"31b43ec\" data-element_type=\"section\">\n\t\t\t\t\t\t<div class=\"elementor-container elementor-column-gap-default\">\n\t\t\t\t\t<div class=\"elementor-column elementor-col-100 elementor-top-column elementor-element elementor-element-c835330\" data-id=\"c835330\" data-element_type=\"column\">\n\t\t\t<div class=\"elementor-widget-wrap elementor-element-populated\">\n\t\t\t\t\t\t<div class=\"elementor-element elementor-element-2e1e49a elementor-widget elementor-widget-text-editor\" data-id=\"2e1e49a\" data-element_type=\"widget\" data-widget_type=\"text-editor.default\">\n\t\t\t\t<div class=\"elementor-widget-container\">\n\t\t\t\t\t\t\t\t\t<p class=\" translation-block\">Le quote per l'anno scolastico 2026-2027 sono le seguenti:<\/p><ul><li><strong>\u00a3330<\/strong> per allievo per i corsi Primary e Secondary Medio<\/li><li><strong>\u00a3390<\/strong> per allievo per i corsi GCSE e A-Level<\/li><\/ul><p class=\" translation-block\">Nota bene: \u00e8 prevista inoltre <b>una tassa di registrazione di \u00a315 a famiglia<\/b>, da aggiungere alla quota qui sopra indicata.<\/p><p class=\" translation-block\"><i>Sconto per i fratelli<\/i>: \u00e8 previsto uno sconto del 15% per ogni fratello iscritto. Per beneficiare dello sconto, l'iscrizione deve essere effettuata tramite un unico ordine.<\/p>\t\t\t\t\t\t\t\t<\/div>\n\t\t\t\t<\/div>\n\t\t\t\t<div class=\"elementor-element elementor-element-7c8431e elementor-widget elementor-widget-text-editor\" data-id=\"7c8431e\" data-element_type=\"widget\" data-widget_type=\"text-editor.default\">\n\t\t\t\t<div class=\"elementor-widget-container\">\n\t\t\t\t\t\t\t\t\t<p>Si prega di notare che le quote annuali potrebbero subire un incremento dopo il 31 luglio 2026.<\/p>\t\t\t\t\t\t\t\t<\/div>\n\t\t\t\t<\/div>\n\t\t\t\t\t<\/div>\n\t\t<\/div>\n\t\t\t\t\t<\/div>\n\t\t<\/section>\n\t\t\t\t<section class=\"elementor-section elementor-top-section elementor-element elementor-element-09c528c elementor-section-boxed elementor-section-height-default elementor-section-height-default\" data-id=\"09c528c\" data-element_type=\"section\">\n\t\t\t\t\t\t<div class=\"elementor-container elementor-column-gap-default\">\n\t\t\t\t\t<div class=\"elementor-column elementor-col-100 elementor-top-column elementor-element elementor-element-01911f7\" data-id=\"01911f7\" data-element_type=\"column\">\n\t\t\t<div class=\"elementor-widget-wrap elementor-element-populated\">\n\t\t\t\t\t\t<div class=\"elementor-element elementor-element-f97107e elementor-widget elementor-widget-heading\" data-id=\"f97107e\" data-element_type=\"widget\" data-widget_type=\"heading.default\">\n\t\t\t\t<div class=\"elementor-widget-container\">\n\t\t\t\t\t<h2 class=\"elementor-heading-title elementor-size-default\">Pagamento<\/h2>\t\t\t\t<\/div>\n\t\t\t\t<\/div>\n\t\t\t\t\t<\/div>\n\t\t<\/div>\n\t\t\t\t\t<\/div>\n\t\t<\/section>\n\t\t\t\t<section class=\"elementor-section elementor-top-section elementor-element elementor-element-a311e57 elementor-section-boxed elementor-section-height-default elementor-section-height-default\" data-id=\"a311e57\" data-element_type=\"section\">\n\t\t\t\t\t\t<div class=\"elementor-container elementor-column-gap-default\">\n\t\t\t\t\t<div class=\"elementor-column elementor-col-100 elementor-top-column elementor-element elementor-element-328a944\" data-id=\"328a944\" data-element_type=\"column\">\n\t\t\t<div class=\"elementor-widget-wrap elementor-element-populated\">\n\t\t\t\t\t\t<div class=\"elementor-element elementor-element-1c840f1 elementor-widget elementor-widget-text-editor\" data-id=\"1c840f1\" data-element_type=\"widget\" data-widget_type=\"text-editor.default\">\n\t\t\t\t<div class=\"elementor-widget-container\">\n\t\t\t\t\t\t\t\t\t<p><b>La quota di iscrizione dovr\u00e0 essere saldata in toto al momento dell\u2019iscrizione.<\/b><\/p>\n<p><span style=\"font-weight: 400\">Il pagamento sar\u00e0 processato al momento della registrazione e la relativa ricevuta verr\u00e0 inviata via email.<\/span><\/p>\n<p class=\" translation-block\">Questi corsi hanno una durata annuale. Completando la registrazione <b>il genitore si impegna a far frequentare il proprio bambino per tutta la durata del corso<\/b>.\nNon sono previsti rimborsi in caso di assenze.<\/p>\n<p class=\" translation-block\">Il singolo corso verr\u00e0 attivato solo al raggiungimento di un <strong>numero minimo di iscrizioni<\/strong>.<\/p>\n<p class=\" translation-block\">Se il corso prescelto non verr\u00e0 attivato (per mancato raggiungimento del numero minimo di iscrizioni) il nostro team vi contatter\u00e0 suggerendo un\u2019alternativa nelle vicinanze. La proposta potr\u00e0 essere accettata o rifiutata dalla famiglia; in caso di rifiuto si proceder\u00e0 con il rimborso totale della quota versata.<\/p>\n<p><span style=\"font-weight: 400\">Si prega di considerare che il prezzo di eventuali libri non \u00e8 incluso nella quota annuale.<\/span><\/p><p class=\" translation-block\">Termini e Condizioni sono consultabili a <a href=\"https:\/\/sial.courses\/terms-and-conditions-extracurricular-courses\/\">questa pagina<\/a>.<\/p>\t\t\t\t\t\t\t\t<\/div>\n\t\t\t\t<\/div>\n\t\t\t\t\t<\/div>\n\t\t<\/div>\n\t\t\t\t\t<\/div>\n\t\t<\/section>\n\t\t\t\t<section class=\"elementor-section elementor-top-section elementor-element elementor-element-d2e9403 elementor-section-boxed elementor-section-height-default elementor-section-height-default\" data-id=\"d2e9403\" data-element_type=\"section\">\n\t\t\t\t\t\t<div class=\"elementor-container elementor-column-gap-default\">\n\t\t\t\t\t<div class=\"elementor-column elementor-col-100 elementor-top-column elementor-element elementor-element-a735327\" data-id=\"a735327\" data-element_type=\"column\" data-settings=\"{&quot;background_background&quot;:&quot;classic&quot;}\">\n\t\t\t<div class=\"elementor-widget-wrap elementor-element-populated\">\n\t\t\t\t\t\t<div class=\"elementor-element elementor-element-0210e4e elementor-widget elementor-widget-text-editor\" data-id=\"0210e4e\" data-element_type=\"widget\" data-widget_type=\"text-editor.default\">\n\t\t\t\t<div class=\"elementor-widget-container\">\n\t\t\t\t\t\t\t\t\t<p><strong>VAI AI CORSI DISPONIBILI<\/strong><\/p><p class=\" translation-block\">Nella <a href=\"https:\/\/sial.courses\/it\/i-nostri-corsi\/extra-curriculari\/come-iscriversi\/\">prossima pagina<\/a> potrai vedere tutte le zone in cui saranno attivati i nostri corsi per l'anno scolastico 2026-2027&gt; Potrai cos\u00ec individuare la sede pi\u00f9 vicina a te e procedere pi\u00f9 rapidamente con l'iscrizione.<\/p><p><a href=\"https:\/\/sial.courses\/our-courses\/extracurricular\/how-to-enrol\/\"><strong><a href=\"https:\/\/sial.courses\/it\/i-nostri-corsi\/extra-curriculari\/come-iscriversi\/\"> VAI ALL'ISCRIZIONE<\/a><\/strong><\/a><\/p>\t\t\t\t\t\t\t\t<\/div>\n\t\t\t\t<\/div>\n\t\t\t\t\t<\/div>\n\t\t<\/div>\n\t\t\t\t\t<\/div>\n\t\t<\/section>\n\t\t\t\t<section class=\"elementor-section elementor-top-section elementor-element elementor-element-8df0e00 elementor-section-boxed elementor-section-height-default elementor-section-height-default\" data-id=\"8df0e00\" data-element_type=\"section\">\n\t\t\t\t\t\t<div class=\"elementor-container elementor-column-gap-default\">\n\t\t\t\t\t<div class=\"elementor-column elementor-col-100 elementor-top-column elementor-element elementor-element-59241b1\" data-id=\"59241b1\" data-element_type=\"column\">\n\t\t\t<div class=\"elementor-widget-wrap elementor-element-populated\">\n\t\t\t\t\t\t<div class=\"elementor-element elementor-element-55c7e13 elementor-widget elementor-widget-spacer\" data-id=\"55c7e13\" data-element_type=\"widget\" data-widget_type=\"spacer.default\">\n\t\t\t\t<div class=\"elementor-widget-container\">\n\t\t\t\t\t\t\t<div class=\"elementor-spacer\">\n\t\t\t<div class=\"elementor-spacer-inner\"><\/div>\n\t\t<\/div>\n\t\t\t\t\t\t<\/div>\n\t\t\t\t<\/div>\n\t\t\t\t<div class=\"elementor-element elementor-element-934aa08 elementor-widget elementor-widget-text-editor\" data-id=\"934aa08\" data-element_type=\"widget\" data-widget_type=\"text-editor.default\">\n\t\t\t\t<div class=\"elementor-widget-container\">\n\t\t\t\t\t\t\t\t\t<h3>Contattaci<\/h3><p>Vuoi avere maggiori informazioni sui nostri corsi? Il nostro team \u00e8 a tua disposizione per fornirti tutti i dettagli e rispondere a tutte le tue domande. Non esitare a contattarci via email all'indirizzo <a href=\"mailto:corsi-italiano@sial.courses\">corsi-italiano@sial.courses<\/a> o con una telefonata allo 07544 976 601.<\/p>\t\t\t\t\t\t\t\t<\/div>\n\t\t\t\t<\/div>\n\t\t\t\t<div class=\"elementor-element elementor-element-3b1f889 elementor-widget-divider--separator-type-pattern elementor-widget-divider--view-line elementor-widget elementor-widget-divider\" data-id=\"3b1f889\" data-element_type=\"widget\" data-widget_type=\"divider.default\">\n\t\t\t\t<div class=\"elementor-widget-container\">\n\t\t\t\t\t\t\t<div class=\"elementor-divider\" style=\"--divider-pattern-url: url(&quot;data:image\/svg+xml,%3Csvg xmlns=&#039;http:\/\/www.w3.org\/2000\/svg&#039; preserveAspectRatio=&#039;none&#039; overflow=&#039;visible&#039; height=&#039;100%&#039; viewBox=&#039;0 0 24 24&#039; fill=&#039;none&#039; stroke=&#039;black&#039; stroke-width=&#039;1&#039; stroke-linecap=&#039;square&#039; stroke-miterlimit=&#039;10&#039;%3E%3Cpath d=&#039;M0,21c3.3,0,8.3-0.9,15.7-7.1c6.6-5.4,4.4-9.3,2.4-10.3c-3.4-1.8-7.7,1.3-7.3,8.8C11.2,20,17.1,21,24,21&#039;\/%3E%3C\/svg%3E&quot;);\">\n\t\t\t<span class=\"elementor-divider-separator\">\n\t\t\t\t\t\t<\/span>\n\t\t<\/div>\n\t\t\t\t\t\t<\/div>\n\t\t\t\t<\/div>\n\t\t\t\t\t<\/div>\n\t\t<\/div>\n\t\t\t\t\t<\/div>\n\t\t<\/section>\n\t\t\t\t<section class=\"elementor-section elementor-top-section elementor-element elementor-element-a03e6b0 elementor-section-boxed elementor-section-height-default elementor-section-height-default\" data-id=\"a03e6b0\" data-element_type=\"section\">\n\t\t\t\t\t\t<div class=\"elementor-container elementor-column-gap-default\">\n\t\t\t\t\t<div class=\"elementor-column elementor-col-50 elementor-top-column elementor-element elementor-element-4226e3b\" data-id=\"4226e3b\" data-element_type=\"column\">\n\t\t\t<div class=\"elementor-widget-wrap elementor-element-populated\">\n\t\t\t\t\t\t<div class=\"elementor-element elementor-element-b941eff elementor-widget elementor-widget-heading\" data-id=\"b941eff\" data-element_type=\"widget\" data-widget_type=\"heading.default\">\n\t\t\t\t<div class=\"elementor-widget-container\">\n\t\t\t\t\t<h2 class=\"elementor-heading-title elementor-size-default\">Il nostro ruolo come Ente Promotore<\/h2>\t\t\t\t<\/div>\n\t\t\t\t<\/div>\n\t\t\t\t<div class=\"elementor-element elementor-element-a085120 elementor-widget elementor-widget-text-editor\" data-id=\"a085120\" data-element_type=\"widget\" data-widget_type=\"text-editor.default\">\n\t\t\t\t<div class=\"elementor-widget-container\">\n\t\t\t\t\t\t\t\t\t<p>Nel settembre 2018 la nostra charity \u00e8 stata nominata Ente Promotore per la promozione della lingua e della cultura italiana nella circoscrizione consolare di Londra (Sud Inghilterra e Galles).<span style=\"background-color: #ffffff;color: #767676;font-family: Montserrat;font-size: 16px;font-style: normal;font-weight: 400;letter-spacing: 0px\">\u00a0<\/span><\/p><p class=\" translation-block\">Con il sostanziale supporto finanziario del <a href=\"https:\/\/www.esteri.it\/it\/diplomazia-culturale-e-diplomazia-scientifica\/cultura\/sistema-della-formazione-italiana-nel-mondo\/\" target=\"_self\">Ministero degli Affari Esteri e della Cooperazione Internazionale (MAECI) <\/a> offriamo corsi integrati ed extra-curriculari nella circoscrizione consolare di Londra, Sud Inghilterra e Galles, dal 2018.<\/p><p class=\" translation-block\">I corsi sono organizzati in collaborazione con il <a href=\"http:\/\/conslondra.esteri.it\/consolato_londra\/it\/\" target=\"_blank\" rel=\"noopener\">Consolato Generale d'Italia a Londra<\/a> e il suo <a href=\"https:\/\/ufficioscolasticolondra.altervista.org\/\" target=\"_blank\" rel=\"noopener\">Ufficio Scolastico.<\/a><\/p><p class=\" translation-block\">Maggiori informazioni sui progetti sviluppati per l'anno scolastico 2024\/2025 sono disponibili <a href=\"https:\/\/sial.courses\/about-us\/our-partners\/\" target=\"_self\">qui<\/a>.<\/p>\t\t\t\t\t\t\t\t<\/div>\n\t\t\t\t<\/div>\n\t\t\t\t\t<\/div>\n\t\t<\/div>\n\t\t\t\t<div class=\"elementor-column elementor-col-50 elementor-top-column elementor-element elementor-element-e010be0\" data-id=\"e010be0\" data-element_type=\"column\">\n\t\t\t<div class=\"elementor-widget-wrap elementor-element-populated\">\n\t\t\t\t\t\t<div class=\"elementor-element elementor-element-fdad6da elementor-widget elementor-widget-image\" data-id=\"fdad6da\" data-element_type=\"widget\" data-widget_type=\"image.default\">\n\t\t\t\t<div class=\"elementor-widget-container\">\n\t\t\t\t\t\t\t\t\t\t\t\t\t\t\t\t<a href=\"https:\/\/www.esteri.it\/it\/diplomazia-culturale-e-diplomazia-scientifica\/cultura\/sistema-della-formazione-italiana-nel-mondo\/\">\n\t\t\t\t\t\t\t<img fetchpriority=\"high\" decoding=\"async\" width=\"1024\" height=\"299\" src=\"https:\/\/sial.courses\/wp-content\/uploads\/2024\/09\/logos-maeci-sfim-1024x299.png\" class=\"attachment-large size-large wp-image-8127\" alt=\"Sistema Formazione Italiana nel Mondo\" srcset=\"https:\/\/sial.courses\/wp-content\/uploads\/2024\/09\/logos-maeci-sfim-1024x299.png 1024w, https:\/\/sial.courses\/wp-content\/uploads\/2024\/09\/logos-maeci-sfim-300x88.png 300w, https:\/\/sial.courses\/wp-content\/uploads\/2024\/09\/logos-maeci-sfim-768x224.png 768w, https:\/\/sial.courses\/wp-content\/uploads\/2024\/09\/logos-maeci-sfim-260x76.png 260w, https:\/\/sial.courses\/wp-content\/uploads\/2024\/09\/logos-maeci-sfim-50x15.png 50w, https:\/\/sial.courses\/wp-content\/uploads\/2024\/09\/logos-maeci-sfim-150x44.png 150w, https:\/\/sial.courses\/wp-content\/uploads\/2024\/09\/logos-maeci-sfim.png 1174w\" sizes=\"(max-width: 1024px) 100vw, 1024px\" \/>\t\t\t\t\t\t\t\t<\/a>\n\t\t\t\t\t\t\t\t\t\t\t\t\t\t\t<\/div>\n\t\t\t\t<\/div>\n\t\t\t\t\t<\/div>\n\t\t<\/div>\n\t\t\t\t\t<\/div>\n\t\t<\/section>\n\t\t\t\t<\/div>","protected":false},"excerpt":{"rendered":"<p>Since September 2018 we have been offering Italian Language and culture courses organised with the support of the Ministry of Foreign Affairs and International Cooperation and<span class=\"excerpt-hellip\"> [\u2026]<\/span><\/p>\n","protected":false},"author":2,"featured_media":0,"parent":165,"menu_order":0,"comment_status":"closed","ping_status":"closed","template":"","meta":{"footnotes":""},"class_list":["post-170","page","type-page","status-publish","hentry"],"yoast_head":"<!-- This site is optimized with the Yoast SEO plugin v27.3 - https:\/\/yoast.com\/product\/yoast-seo-wordpress\/ -->\n<title>Extracurricular Italian language and culture courses - SIAL.courses<\/title>\n<meta name=\"description\" content=\"Italian courses for children attending Primary and Secondary schools in London and South England - with the support of Consulate General of Italy in London.\" \/>\n<meta name=\"robots\" content=\"index, follow, max-snippet:-1, max-image-preview:large, max-video-preview:-1\" \/>\n<link rel=\"canonical\" href=\"https:\/\/sial.courses\/it\/our-courses\/extracurricular\/\" \/>\n<meta property=\"og:locale\" content=\"it_IT\" \/>\n<meta property=\"og:type\" content=\"article\" \/>\n<meta property=\"og:title\" content=\"Extracurricular Italian language and culture courses - SIAL.courses\" \/>\n<meta property=\"og:description\" content=\"Italian courses for children attending Primary and Secondary schools in London and South England - with the support of Consulate General of Italy in London.\" \/>\n<meta property=\"og:url\" content=\"https:\/\/sial.courses\/it\/our-courses\/extracurricular\/\" \/>\n<meta property=\"og:site_name\" content=\"SIAL.courses\" \/>\n<meta property=\"article:modified_time\" content=\"2026-04-27T15:16:07+00:00\" \/>\n<meta property=\"og:image\" content=\"https:\/\/sial.courses\/wp-content\/uploads\/2024\/09\/logos-maeci-sfim.png\" \/>\n\t<meta property=\"og:image:width\" content=\"1174\" \/>\n\t<meta property=\"og:image:height\" content=\"343\" \/>\n\t<meta property=\"og:image:type\" content=\"image\/png\" \/>\n<meta name=\"twitter:card\" content=\"summary_large_image\" \/>\n<meta name=\"twitter:label1\" content=\"Tempo di lettura stimato\" \/>\n\t<meta name=\"twitter:data1\" content=\"5 minuti\" \/>\n<script type=\"application\/ld+json\" class=\"yoast-schema-graph\">{\"@context\":\"https:\\\/\\\/schema.org\",\"@graph\":[{\"@type\":\"WebPage\",\"@id\":\"https:\\\/\\\/sial.courses\\\/our-courses\\\/extracurricular\\\/\",\"url\":\"https:\\\/\\\/sial.courses\\\/our-courses\\\/extracurricular\\\/\",\"name\":\"Extracurricular Italian language and culture courses - SIAL.courses\",\"isPartOf\":{\"@id\":\"https:\\\/\\\/sial.courses\\\/it\\\/#website\"},\"primaryImageOfPage\":{\"@id\":\"https:\\\/\\\/sial.courses\\\/our-courses\\\/extracurricular\\\/#primaryimage\"},\"image\":{\"@id\":\"https:\\\/\\\/sial.courses\\\/our-courses\\\/extracurricular\\\/#primaryimage\"},\"thumbnailUrl\":\"https:\\\/\\\/sial.courses\\\/wp-content\\\/uploads\\\/2024\\\/09\\\/logos-maeci-sfim-260x76.png\",\"datePublished\":\"2020-06-16T11:39:15+00:00\",\"dateModified\":\"2026-04-27T15:16:07+00:00\",\"description\":\"Italian courses for children attending Primary and Secondary schools in London and South England - with the support of Consulate General of Italy in London.\",\"breadcrumb\":{\"@id\":\"https:\\\/\\\/sial.courses\\\/our-courses\\\/extracurricular\\\/#breadcrumb\"},\"inLanguage\":\"it-IT\",\"potentialAction\":[{\"@type\":\"ReadAction\",\"target\":[\"https:\\\/\\\/sial.courses\\\/our-courses\\\/extracurricular\\\/\"]}]},{\"@type\":\"ImageObject\",\"inLanguage\":\"it-IT\",\"@id\":\"https:\\\/\\\/sial.courses\\\/our-courses\\\/extracurricular\\\/#primaryimage\",\"url\":\"https:\\\/\\\/sial.courses\\\/wp-content\\\/uploads\\\/2024\\\/09\\\/logos-maeci-sfim-260x76.png\",\"contentUrl\":\"https:\\\/\\\/sial.courses\\\/wp-content\\\/uploads\\\/2024\\\/09\\\/logos-maeci-sfim-260x76.png\"},{\"@type\":\"BreadcrumbList\",\"@id\":\"https:\\\/\\\/sial.courses\\\/our-courses\\\/extracurricular\\\/#breadcrumb\",\"itemListElement\":[{\"@type\":\"ListItem\",\"position\":1,\"name\":\"Home\",\"item\":\"https:\\\/\\\/sial.courses\\\/\"},{\"@type\":\"ListItem\",\"position\":2,\"name\":\"Our Courses\",\"item\":\"https:\\\/\\\/sial.courses\\\/our-courses\\\/\"},{\"@type\":\"ListItem\",\"position\":3,\"name\":\"Extracurricular\"}]},{\"@type\":\"WebSite\",\"@id\":\"https:\\\/\\\/sial.courses\\\/it\\\/#website\",\"url\":\"https:\\\/\\\/sial.courses\\\/it\\\/\",\"name\":\"SIAL.courses\",\"description\":\"Italian for all\",\"potentialAction\":[{\"@type\":\"SearchAction\",\"target\":{\"@type\":\"EntryPoint\",\"urlTemplate\":\"https:\\\/\\\/sial.courses\\\/it\\\/?s={search_term_string}\"},\"query-input\":{\"@type\":\"PropertyValueSpecification\",\"valueRequired\":true,\"valueName\":\"search_term_string\"}}],\"inLanguage\":\"it-IT\"}]}<\/script>\n<!-- \/ Yoast SEO plugin. -->","yoast_head_json":{"title":"Extracurricular Italian language and culture courses - SIAL.courses","description":"Italian courses for children attending Primary and Secondary schools in London and South England - with the support of Consulate General of Italy in London.","robots":{"index":"index","follow":"follow","max-snippet":"max-snippet:-1","max-image-preview":"max-image-preview:large","max-video-preview":"max-video-preview:-1"},"canonical":"https:\/\/sial.courses\/it\/our-courses\/extracurricular\/","og_locale":"it_IT","og_type":"article","og_title":"Extracurricular Italian language and culture courses - SIAL.courses","og_description":"Italian courses for children attending Primary and Secondary schools in London and South England - with the support of Consulate General of Italy in London.","og_url":"https:\/\/sial.courses\/it\/our-courses\/extracurricular\/","og_site_name":"SIAL.courses","article_modified_time":"2026-04-27T15:16:07+00:00","og_image":[{"width":1174,"height":343,"url":"https:\/\/sial.courses\/wp-content\/uploads\/2024\/09\/logos-maeci-sfim.png","type":"image\/png"}],"twitter_card":"summary_large_image","twitter_misc":{"Tempo di lettura stimato":"5 minuti"},"schema":{"@context":"https:\/\/schema.org","@graph":[{"@type":"WebPage","@id":"https:\/\/sial.courses\/our-courses\/extracurricular\/","url":"https:\/\/sial.courses\/our-courses\/extracurricular\/","name":"Extracurricular Italian language and culture courses - SIAL.courses","isPartOf":{"@id":"https:\/\/sial.courses\/it\/#website"},"primaryImageOfPage":{"@id":"https:\/\/sial.courses\/our-courses\/extracurricular\/#primaryimage"},"image":{"@id":"https:\/\/sial.courses\/our-courses\/extracurricular\/#primaryimage"},"thumbnailUrl":"https:\/\/sial.courses\/wp-content\/uploads\/2024\/09\/logos-maeci-sfim-260x76.png","datePublished":"2020-06-16T11:39:15+00:00","dateModified":"2026-04-27T15:16:07+00:00","description":"Italian courses for children attending Primary and Secondary schools in London and South England - with the support of Consulate General of Italy in London.","breadcrumb":{"@id":"https:\/\/sial.courses\/our-courses\/extracurricular\/#breadcrumb"},"inLanguage":"it-IT","potentialAction":[{"@type":"ReadAction","target":["https:\/\/sial.courses\/our-courses\/extracurricular\/"]}]},{"@type":"ImageObject","inLanguage":"it-IT","@id":"https:\/\/sial.courses\/our-courses\/extracurricular\/#primaryimage","url":"https:\/\/sial.courses\/wp-content\/uploads\/2024\/09\/logos-maeci-sfim-260x76.png","contentUrl":"https:\/\/sial.courses\/wp-content\/uploads\/2024\/09\/logos-maeci-sfim-260x76.png"},{"@type":"BreadcrumbList","@id":"https:\/\/sial.courses\/our-courses\/extracurricular\/#breadcrumb","itemListElement":[{"@type":"ListItem","position":1,"name":"Home","item":"https:\/\/sial.courses\/"},{"@type":"ListItem","position":2,"name":"Our Courses","item":"https:\/\/sial.courses\/our-courses\/"},{"@type":"ListItem","position":3,"name":"Extracurricular"}]},{"@type":"WebSite","@id":"https:\/\/sial.courses\/it\/#website","url":"https:\/\/sial.courses\/it\/","name":"SIAL.courses","description":"Italian for all","potentialAction":[{"@type":"SearchAction","target":{"@type":"EntryPoint","urlTemplate":"https:\/\/sial.courses\/it\/?s={search_term_string}"},"query-input":{"@type":"PropertyValueSpecification","valueRequired":true,"valueName":"search_term_string"}}],"inLanguage":"it-IT"}]}},"_links":{"self":[{"href":"https:\/\/sial.courses\/it\/wp-json\/wp\/v2\/pages\/170","targetHints":{"allow":["GET"]}}],"collection":[{"href":"https:\/\/sial.courses\/it\/wp-json\/wp\/v2\/pages"}],"about":[{"href":"https:\/\/sial.courses\/it\/wp-json\/wp\/v2\/types\/page"}],"author":[{"embeddable":true,"href":"https:\/\/sial.courses\/it\/wp-json\/wp\/v2\/users\/2"}],"replies":[{"embeddable":true,"href":"https:\/\/sial.courses\/it\/wp-json\/wp\/v2\/comments?post=170"}],"version-history":[{"count":328,"href":"https:\/\/sial.courses\/it\/wp-json\/wp\/v2\/pages\/170\/revisions"}],"predecessor-version":[{"id":10742,"href":"https:\/\/sial.courses\/it\/wp-json\/wp\/v2\/pages\/170\/revisions\/10742"}],"up":[{"embeddable":true,"href":"https:\/\/sial.courses\/it\/wp-json\/wp\/v2\/pages\/165"}],"wp:attachment":[{"href":"https:\/\/sial.courses\/it\/wp-json\/wp\/v2\/media?parent=170"}],"curies":[{"name":"wp","href":"https:\/\/api.w.org\/{rel}","templated":true}]}}